{"id":1249,"date":"2013-09-12T14:19:07","date_gmt":"2013-09-12T12:19:07","guid":{"rendered":"http:\/\/www.lagerfeuer-musik.de\/wordpress\/?page_id=1249"},"modified":"2023-11-22T19:37:08","modified_gmt":"2023-11-22T18:37:08","slug":"das-ist-nicht-fair","status":"publish","type":"page","link":"https:\/\/www.lagerfeuer-musik.de\/wordpress\/das-ist-nicht-fair\/","title":{"rendered":"Das ist nicht fair"},"content":{"rendered":"<p>kennst du das auch, du wollteste gerade gehen,<br \/>\naber deine freundin mu\u00df sich noch schminken ?<br \/>\nna gut, denkst du dir, keine problem,<br \/>\nich wollte sowieso noch nen kaffee trinken<br \/>\nne halbe stunde sp\u00e4ter wirst du langsam nerv\u00f6s<br \/>\njetz n k\u00fchles bier und dein problem w\u00e4r gel\u00f6st<br \/>\naber weil du nix im haus hast bleibt das leider ein traum<br \/>\nund dann steht da noch die sache mit den schuhen im raum&#8230;..<\/p>\n<p>das ist nicht fair&#8230;.<\/p>\n<p>kennst du das auch, ihr wollt in urlaub fahren,<br \/>\n2 stunden vorher streikt deine karre<br \/>\nschnell zur werkstatt, is ja klar,<br \/>\naber die k\u00f6nnen leider auch nix mehr machen<br \/>\ndann l\u00e4ufst du zum bahnhof, um nach z\u00fcgen zu schauen,<br \/>\nne halbe stunde sp\u00e4ter gibst du v\u00f6llig fertig auf<br \/>\nkaufst ne kiste bier, setzt dich zuhaus auf den balkon<br \/>\ngerade p\u00fcnktlich als die ersten tropfen runterkommen&#8230;.<\/p>\n<p>das ist nicht fair&#8230;..<\/p>\n<p>weil auch nix im fernsehen l\u00e4uft,<br \/>\ngehst du nochmal kurz in die kneipe<br \/>\nbeim zweiten bier h\u00f6rst du irgendwen<br \/>\npl\u00f6tzlich \u201cviva colonia\u201d pfeifen<br \/>\nfreitags abends trifft sich hier der karnevalsverein<br \/>\ndu f\u00fchlst dich auf einmal unbeschreiblich allein<br \/>\ndu zahlst, gehst aus der t\u00fcr und willst jetzt nur noch ins bett,<br \/>\nals du merkst, das der wohnungsschl\u00fcssel von innen steckt&#8230;&#8230;<\/p>\n<p>das ist nicht fair&#8230;.<\/p>\n","protected":false},"excerpt":{"rendered":"<p>kennst du das auch, du wollteste gerade gehen, aber deine freundin mu\u00df sich noch schminken ? na gut, denkst du dir, keine problem, ich wollte sowieso noch nen kaffee trinken<a href=\"https:\/\/www.lagerfeuer-musik.de\/wordpress\/das-ist-nicht-fair\/\" class=\"more-link\"><span class=\"readmore\">Continue reading<span class=\"screen-reader-text\">Das ist nicht fair<\/span><\/span><\/a><\/p>\n","protected":false},"author":1,"featured_media":0,"parent":0,"menu_order":0,"comment_status":"closed","ping_status":"closed","template":"","meta":{"footnotes":""},"class_list":["post-1249","page","type-page","status-publish","hentry"],"yoast_head":"<!-- This site is optimized with the Yoast SEO plugin v26.1.1 - https:\/\/yoast.com\/wordpress\/plugins\/seo\/ -->\n<title>Das ist nicht fair - LAGERFEUER-TRIO<\/title>\n<meta name=\"robots\" content=\"index, follow, max-snippet:-1, max-image-preview:large, max-video-preview:-1\" \/>\n<link rel=\"canonical\" href=\"https:\/\/www.lagerfeuer-musik.de\/wordpress\/das-ist-nicht-fair\/\" \/>\n<meta property=\"og:locale\" content=\"de_DE\" \/>\n<meta property=\"og:type\" content=\"article\" \/>\n<meta property=\"og:title\" content=\"Das ist nicht fair - LAGERFEUER-TRIO\" \/>\n<meta property=\"og:description\" content=\"kennst du das auch, du wollteste gerade gehen, aber deine freundin mu\u00df sich noch schminken ? na gut, denkst du dir, keine problem, ich wollte sowieso noch nen kaffee trinkenContinue readingDas ist nicht fair\" \/>\n<meta property=\"og:url\" content=\"https:\/\/www.lagerfeuer-musik.de\/wordpress\/das-ist-nicht-fair\/\" \/>\n<meta property=\"og:site_name\" content=\"LAGERFEUER-TRIO\" \/>\n<meta property=\"article:publisher\" content=\"https:\/\/www.facebook.com\/lagerfeuertrio\" \/>\n<meta property=\"article:modified_time\" content=\"2023-11-22T18:37:08+00:00\" \/>\n<meta name=\"twitter:card\" content=\"summary_large_image\" \/>\n<meta name=\"twitter:site\" content=\"@Lagerfeuer74309\" \/>\n<meta name=\"twitter:label1\" content=\"Gesch\u00e4tzte Lesezeit\" \/>\n\t<meta name=\"twitter:data1\" content=\"1\u00a0Minute\" \/>\n<script type=\"application\/ld+json\" class=\"yoast-schema-graph\">{\"@context\":\"https:\/\/schema.org\",\"@graph\":[{\"@type\":\"WebPage\",\"@id\":\"https:\/\/www.lagerfeuer-musik.de\/wordpress\/das-ist-nicht-fair\/\",\"url\":\"https:\/\/www.lagerfeuer-musik.de\/wordpress\/das-ist-nicht-fair\/\",\"name\":\"Das ist nicht fair - LAGERFEUER-TRIO\",\"isPartOf\":{\"@id\":\"https:\/\/www.lagerfeuer-musik.de\/wordpress\/#website\"},\"datePublished\":\"2013-09-12T12:19:07+00:00\",\"dateModified\":\"2023-11-22T18:37:08+00:00\",\"breadcrumb\":{\"@id\":\"https:\/\/www.lagerfeuer-musik.de\/wordpress\/das-ist-nicht-fair\/#breadcrumb\"},\"inLanguage\":\"de\",\"potentialAction\":[{\"@type\":\"ReadAction\",\"target\":[\"https:\/\/www.lagerfeuer-musik.de\/wordpress\/das-ist-nicht-fair\/\"]}]},{\"@type\":\"BreadcrumbList\",\"@id\":\"https:\/\/www.lagerfeuer-musik.de\/wordpress\/das-ist-nicht-fair\/#breadcrumb\",\"itemListElement\":[{\"@type\":\"ListItem\",\"position\":1,\"name\":\"Startseite\",\"item\":\"https:\/\/www.lagerfeuer-musik.de\/wordpress\/\"},{\"@type\":\"ListItem\",\"position\":2,\"name\":\"Das ist nicht fair\"}]},{\"@type\":\"WebSite\",\"@id\":\"https:\/\/www.lagerfeuer-musik.de\/wordpress\/#website\",\"url\":\"https:\/\/www.lagerfeuer-musik.de\/wordpress\/\",\"name\":\"LAGERFEUER-TRIO\",\"description\":\"da brennt die H\u00fctte\",\"publisher\":{\"@id\":\"https:\/\/www.lagerfeuer-musik.de\/wordpress\/#organization\"},\"potentialAction\":[{\"@type\":\"SearchAction\",\"target\":{\"@type\":\"EntryPoint\",\"urlTemplate\":\"https:\/\/www.lagerfeuer-musik.de\/wordpress\/?s={search_term_string}\"},\"query-input\":{\"@type\":\"PropertyValueSpecification\",\"valueRequired\":true,\"valueName\":\"search_term_string\"}}],\"inLanguage\":\"de\"},{\"@type\":\"Organization\",\"@id\":\"https:\/\/www.lagerfeuer-musik.de\/wordpress\/#organization\",\"name\":\"LAGERFEUER-TRIO\",\"url\":\"https:\/\/www.lagerfeuer-musik.de\/wordpress\/\",\"logo\":{\"@type\":\"ImageObject\",\"inLanguage\":\"de\",\"@id\":\"https:\/\/www.lagerfeuer-musik.de\/wordpress\/#\/schema\/logo\/image\/\",\"url\":\"https:\/\/www.lagerfeuer-musik.de\/wordpress\/wp-content\/uploads\/2023\/11\/cropped-LOGONEU.png\",\"contentUrl\":\"https:\/\/www.lagerfeuer-musik.de\/wordpress\/wp-content\/uploads\/2023\/11\/cropped-LOGONEU.png\",\"width\":1158,\"height\":381,\"caption\":\"LAGERFEUER-TRIO\"},\"image\":{\"@id\":\"https:\/\/www.lagerfeuer-musik.de\/wordpress\/#\/schema\/logo\/image\/\"},\"sameAs\":[\"https:\/\/www.facebook.com\/lagerfeuertrio\",\"https:\/\/x.com\/Lagerfeuer74309\",\"https:\/\/www.instagram.com\/lagerfeuertrio\/\",\"https:\/\/www.linkedin.com\/in\/lagerfeuer-trio-aachen\/\"]}]}<\/script>\n<!-- \/ Yoast SEO plugin. -->","yoast_head_json":{"title":"Das ist nicht fair - LAGERFEUER-TRIO","robots":{"index":"index","follow":"follow","max-snippet":"max-snippet:-1","max-image-preview":"max-image-preview:large","max-video-preview":"max-video-preview:-1"},"canonical":"https:\/\/www.lagerfeuer-musik.de\/wordpress\/das-ist-nicht-fair\/","og_locale":"de_DE","og_type":"article","og_title":"Das ist nicht fair - LAGERFEUER-TRIO","og_description":"kennst du das auch, du wollteste gerade gehen, aber deine freundin mu\u00df sich noch schminken ? na gut, denkst du dir, keine problem, ich wollte sowieso noch nen kaffee trinkenContinue readingDas ist nicht fair","og_url":"https:\/\/www.lagerfeuer-musik.de\/wordpress\/das-ist-nicht-fair\/","og_site_name":"LAGERFEUER-TRIO","article_publisher":"https:\/\/www.facebook.com\/lagerfeuertrio","article_modified_time":"2023-11-22T18:37:08+00:00","twitter_card":"summary_large_image","twitter_site":"@Lagerfeuer74309","twitter_misc":{"Gesch\u00e4tzte Lesezeit":"1\u00a0Minute"},"schema":{"@context":"https:\/\/schema.org","@graph":[{"@type":"WebPage","@id":"https:\/\/www.lagerfeuer-musik.de\/wordpress\/das-ist-nicht-fair\/","url":"https:\/\/www.lagerfeuer-musik.de\/wordpress\/das-ist-nicht-fair\/","name":"Das ist nicht fair - LAGERFEUER-TRIO","isPartOf":{"@id":"https:\/\/www.lagerfeuer-musik.de\/wordpress\/#website"},"datePublished":"2013-09-12T12:19:07+00:00","dateModified":"2023-11-22T18:37:08+00:00","breadcrumb":{"@id":"https:\/\/www.lagerfeuer-musik.de\/wordpress\/das-ist-nicht-fair\/#breadcrumb"},"inLanguage":"de","potentialAction":[{"@type":"ReadAction","target":["https:\/\/www.lagerfeuer-musik.de\/wordpress\/das-ist-nicht-fair\/"]}]},{"@type":"BreadcrumbList","@id":"https:\/\/www.lagerfeuer-musik.de\/wordpress\/das-ist-nicht-fair\/#breadcrumb","itemListElement":[{"@type":"ListItem","position":1,"name":"Startseite","item":"https:\/\/www.lagerfeuer-musik.de\/wordpress\/"},{"@type":"ListItem","position":2,"name":"Das ist nicht fair"}]},{"@type":"WebSite","@id":"https:\/\/www.lagerfeuer-musik.de\/wordpress\/#website","url":"https:\/\/www.lagerfeuer-musik.de\/wordpress\/","name":"LAGERFEUER-TRIO","description":"da brennt die H\u00fctte","publisher":{"@id":"https:\/\/www.lagerfeuer-musik.de\/wordpress\/#organization"},"potentialAction":[{"@type":"SearchAction","target":{"@type":"EntryPoint","urlTemplate":"https:\/\/www.lagerfeuer-musik.de\/wordpress\/?s={search_term_string}"},"query-input":{"@type":"PropertyValueSpecification","valueRequired":true,"valueName":"search_term_string"}}],"inLanguage":"de"},{"@type":"Organization","@id":"https:\/\/www.lagerfeuer-musik.de\/wordpress\/#organization","name":"LAGERFEUER-TRIO","url":"https:\/\/www.lagerfeuer-musik.de\/wordpress\/","logo":{"@type":"ImageObject","inLanguage":"de","@id":"https:\/\/www.lagerfeuer-musik.de\/wordpress\/#\/schema\/logo\/image\/","url":"https:\/\/www.lagerfeuer-musik.de\/wordpress\/wp-content\/uploads\/2023\/11\/cropped-LOGONEU.png","contentUrl":"https:\/\/www.lagerfeuer-musik.de\/wordpress\/wp-content\/uploads\/2023\/11\/cropped-LOGONEU.png","width":1158,"height":381,"caption":"LAGERFEUER-TRIO"},"image":{"@id":"https:\/\/www.lagerfeuer-musik.de\/wordpress\/#\/schema\/logo\/image\/"},"sameAs":["https:\/\/www.facebook.com\/lagerfeuertrio","https:\/\/x.com\/Lagerfeuer74309","https:\/\/www.instagram.com\/lagerfeuertrio\/","https:\/\/www.linkedin.com\/in\/lagerfeuer-trio-aachen\/"]}]}},"_links":{"self":[{"href":"https:\/\/www.lagerfeuer-musik.de\/wordpress\/wp-json\/wp\/v2\/pages\/1249","targetHints":{"allow":["GET"]}}],"collection":[{"href":"https:\/\/www.lagerfeuer-musik.de\/wordpress\/wp-json\/wp\/v2\/pages"}],"about":[{"href":"https:\/\/www.lagerfeuer-musik.de\/wordpress\/wp-json\/wp\/v2\/types\/page"}],"author":[{"embeddable":true,"href":"https:\/\/www.lagerfeuer-musik.de\/wordpress\/wp-json\/wp\/v2\/users\/1"}],"replies":[{"embeddable":true,"href":"https:\/\/www.lagerfeuer-musik.de\/wordpress\/wp-json\/wp\/v2\/comments?post=1249"}],"version-history":[{"count":4,"href":"https:\/\/www.lagerfeuer-musik.de\/wordpress\/wp-json\/wp\/v2\/pages\/1249\/revisions"}],"predecessor-version":[{"id":4195,"href":"https:\/\/www.lagerfeuer-musik.de\/wordpress\/wp-json\/wp\/v2\/pages\/1249\/revisions\/4195"}],"wp:attachment":[{"href":"https:\/\/www.lagerfeuer-musik.de\/wordpress\/wp-json\/wp\/v2\/media?parent=1249"}],"curies":[{"name":"wp","href":"https:\/\/api.w.org\/{rel}","templated":true}]}}