{"id":1265,"date":"2013-09-12T14:38:03","date_gmt":"2013-09-12T12:38:03","guid":{"rendered":"http:\/\/www.lagerfeuer-musik.de\/wordpress\/?page_id=1265"},"modified":"2024-07-16T10:42:11","modified_gmt":"2024-07-16T08:42:11","slug":"lagerfeuer","status":"publish","type":"page","link":"https:\/\/www.lagerfeuer-musik.de\/wordpress\/lagerfeuer\/","title":{"rendered":"Lagerfeuer"},"content":{"rendered":"<p>kino war schei\u00dfe, der film ist aus<br \/>\nmein schatz will noch nicht nach<br \/>\nhaus wir zieh&#8217;n durch die stra\u00dfen und wenn ich mich nicht t\u00e4usch&#8216;<br \/>\nh\u00f6r&#8216; ich da hinten so&#8217;n bekanntes ger\u00e4usch<br \/>\nich sach &#8222;komm lass ma abdrehen&#8220; sie will weitergehen<br \/>\nich seh&#8216; von weitem schon die leute stehen<br \/>\npanfl\u00f6ten vor meinem geistigen auge<br \/>\nund dann steh&#8217;n wir schon in der menschentraube<\/p>\n<div>\n<div id=\"mid.1379054151330:93f8d3eb55fa055021\">\n<div>\n<div>\n<p>eeeyooo, das wird teuer, die jungs vom lagerfeuer<br \/>\neeeyohh, 3 chaoten, machen musik ohne noten<br \/>\neeeyohh, was geht ab, die meute gr\u00f6hlt und wackelt im takt<br \/>\neeeyhoo, komm lass mal geh&#8217;n, sonst muss ich morgen wieder urlaub nehm&#8217;n<\/p>\n<p>zuviel party, wir m\u00fcssen raus<br \/>\nwir mieten uns &#8217;n ferienhaus<br \/>\nkeine musik, kein telefon<br \/>\nhier l\u00e4uft fernsehen ganz ohne strom<br \/>\nbarfu\u00df im sand und meeresrauschen<br \/>\nhier willst du echt mit keinem tauschen<br \/>\nso viel ruhe, mir fehlt der glaube<br \/>\ndenn da vorne seh&#8216; ich schon die menschentraube<\/p>\n<p>eeeyooo, das wird teuer&#8230;.<\/p>\n<p>da gibt&#8217;s nur eins, wir verlassen das land<br \/>\nganz weit weg an den planetenrand<br \/>\nalaska, sibirien oder eifel<br \/>\nda sind wir sicher, keine zweifel<br \/>\nein letztes bier mit den alten kollegen<br \/>\nin uns&#8217;rer kaschemme bevor wir fliegen<br \/>\nich steig aus dem taxi, wie ich das hasse<br \/>\nvor dem club die menschenmasse<\/p>\n<p>eeeyooo, das wird teuer&#8230;.<\/p>\n<\/div>\n<\/div>\n<\/div>\n<\/div>\n","protected":false},"excerpt":{"rendered":"<p>kino war schei\u00dfe, der film ist aus mein schatz will noch nicht nach haus wir zieh&#8217;n durch die stra\u00dfen und wenn ich mich nicht t\u00e4usch&#8216; h\u00f6r&#8216; ich da hinten so&#8217;n<a href=\"https:\/\/www.lagerfeuer-musik.de\/wordpress\/lagerfeuer\/\" class=\"more-link\"><span class=\"readmore\">Continue reading<span class=\"screen-reader-text\">Lagerfeuer<\/span><\/span><\/a><\/p>\n","protected":false},"author":1,"featured_media":0,"parent":0,"menu_order":0,"comment_status":"closed","ping_status":"closed","template":"","meta":{"footnotes":""},"class_list":["post-1265","page","type-page","status-publish","hentry"],"yoast_head":"<!-- This site is optimized with the Yoast SEO plugin v26.1.1 - https:\/\/yoast.com\/wordpress\/plugins\/seo\/ -->\n<title>Lagerfeuer - LAGERFEUER-TRIO<\/title>\n<meta name=\"robots\" content=\"index, follow, max-snippet:-1, max-image-preview:large, max-video-preview:-1\" \/>\n<link rel=\"canonical\" href=\"https:\/\/www.lagerfeuer-musik.de\/wordpress\/lagerfeuer\/\" \/>\n<meta property=\"og:locale\" content=\"de_DE\" \/>\n<meta property=\"og:type\" content=\"article\" \/>\n<meta property=\"og:title\" content=\"Lagerfeuer - LAGERFEUER-TRIO\" \/>\n<meta property=\"og:description\" content=\"kino war schei\u00dfe, der film ist aus mein schatz will noch nicht nach haus wir zieh&#8217;n durch die stra\u00dfen und wenn ich mich nicht t\u00e4usch&#8216; h\u00f6r&#8216; ich da hinten so&#8217;nContinue readingLagerfeuer\" \/>\n<meta property=\"og:url\" content=\"https:\/\/www.lagerfeuer-musik.de\/wordpress\/lagerfeuer\/\" \/>\n<meta property=\"og:site_name\" content=\"LAGERFEUER-TRIO\" \/>\n<meta property=\"article:publisher\" content=\"https:\/\/www.facebook.com\/lagerfeuertrio\" \/>\n<meta property=\"article:modified_time\" content=\"2024-07-16T08:42:11+00:00\" \/>\n<meta name=\"twitter:card\" content=\"summary_large_image\" \/>\n<meta name=\"twitter:site\" content=\"@Lagerfeuer74309\" \/>\n<meta name=\"twitter:label1\" content=\"Gesch\u00e4tzte Lesezeit\" \/>\n\t<meta name=\"twitter:data1\" content=\"2\u00a0Minuten\" \/>\n<script type=\"application\/ld+json\" class=\"yoast-schema-graph\">{\"@context\":\"https:\/\/schema.org\",\"@graph\":[{\"@type\":\"WebPage\",\"@id\":\"https:\/\/www.lagerfeuer-musik.de\/wordpress\/lagerfeuer\/\",\"url\":\"https:\/\/www.lagerfeuer-musik.de\/wordpress\/lagerfeuer\/\",\"name\":\"Lagerfeuer - LAGERFEUER-TRIO\",\"isPartOf\":{\"@id\":\"https:\/\/www.lagerfeuer-musik.de\/wordpress\/#website\"},\"datePublished\":\"2013-09-12T12:38:03+00:00\",\"dateModified\":\"2024-07-16T08:42:11+00:00\",\"breadcrumb\":{\"@id\":\"https:\/\/www.lagerfeuer-musik.de\/wordpress\/lagerfeuer\/#breadcrumb\"},\"inLanguage\":\"de\",\"potentialAction\":[{\"@type\":\"ReadAction\",\"target\":[\"https:\/\/www.lagerfeuer-musik.de\/wordpress\/lagerfeuer\/\"]}]},{\"@type\":\"BreadcrumbList\",\"@id\":\"https:\/\/www.lagerfeuer-musik.de\/wordpress\/lagerfeuer\/#breadcrumb\",\"itemListElement\":[{\"@type\":\"ListItem\",\"position\":1,\"name\":\"Startseite\",\"item\":\"https:\/\/www.lagerfeuer-musik.de\/wordpress\/\"},{\"@type\":\"ListItem\",\"position\":2,\"name\":\"Lagerfeuer\"}]},{\"@type\":\"WebSite\",\"@id\":\"https:\/\/www.lagerfeuer-musik.de\/wordpress\/#website\",\"url\":\"https:\/\/www.lagerfeuer-musik.de\/wordpress\/\",\"name\":\"LAGERFEUER-TRIO\",\"description\":\"da brennt die H\u00fctte\",\"publisher\":{\"@id\":\"https:\/\/www.lagerfeuer-musik.de\/wordpress\/#organization\"},\"potentialAction\":[{\"@type\":\"SearchAction\",\"target\":{\"@type\":\"EntryPoint\",\"urlTemplate\":\"https:\/\/www.lagerfeuer-musik.de\/wordpress\/?s={search_term_string}\"},\"query-input\":{\"@type\":\"PropertyValueSpecification\",\"valueRequired\":true,\"valueName\":\"search_term_string\"}}],\"inLanguage\":\"de\"},{\"@type\":\"Organization\",\"@id\":\"https:\/\/www.lagerfeuer-musik.de\/wordpress\/#organization\",\"name\":\"LAGERFEUER-TRIO\",\"url\":\"https:\/\/www.lagerfeuer-musik.de\/wordpress\/\",\"logo\":{\"@type\":\"ImageObject\",\"inLanguage\":\"de\",\"@id\":\"https:\/\/www.lagerfeuer-musik.de\/wordpress\/#\/schema\/logo\/image\/\",\"url\":\"https:\/\/www.lagerfeuer-musik.de\/wordpress\/wp-content\/uploads\/2023\/11\/cropped-LOGONEU.png\",\"contentUrl\":\"https:\/\/www.lagerfeuer-musik.de\/wordpress\/wp-content\/uploads\/2023\/11\/cropped-LOGONEU.png\",\"width\":1158,\"height\":381,\"caption\":\"LAGERFEUER-TRIO\"},\"image\":{\"@id\":\"https:\/\/www.lagerfeuer-musik.de\/wordpress\/#\/schema\/logo\/image\/\"},\"sameAs\":[\"https:\/\/www.facebook.com\/lagerfeuertrio\",\"https:\/\/x.com\/Lagerfeuer74309\",\"https:\/\/www.instagram.com\/lagerfeuertrio\/\",\"https:\/\/www.linkedin.com\/in\/lagerfeuer-trio-aachen\/\"]}]}<\/script>\n<!-- \/ Yoast SEO plugin. -->","yoast_head_json":{"title":"Lagerfeuer - LAGERFEUER-TRIO","robots":{"index":"index","follow":"follow","max-snippet":"max-snippet:-1","max-image-preview":"max-image-preview:large","max-video-preview":"max-video-preview:-1"},"canonical":"https:\/\/www.lagerfeuer-musik.de\/wordpress\/lagerfeuer\/","og_locale":"de_DE","og_type":"article","og_title":"Lagerfeuer - LAGERFEUER-TRIO","og_description":"kino war schei\u00dfe, der film ist aus mein schatz will noch nicht nach haus wir zieh&#8217;n durch die stra\u00dfen und wenn ich mich nicht t\u00e4usch&#8216; h\u00f6r&#8216; ich da hinten so&#8217;nContinue readingLagerfeuer","og_url":"https:\/\/www.lagerfeuer-musik.de\/wordpress\/lagerfeuer\/","og_site_name":"LAGERFEUER-TRIO","article_publisher":"https:\/\/www.facebook.com\/lagerfeuertrio","article_modified_time":"2024-07-16T08:42:11+00:00","twitter_card":"summary_large_image","twitter_site":"@Lagerfeuer74309","twitter_misc":{"Gesch\u00e4tzte Lesezeit":"2\u00a0Minuten"},"schema":{"@context":"https:\/\/schema.org","@graph":[{"@type":"WebPage","@id":"https:\/\/www.lagerfeuer-musik.de\/wordpress\/lagerfeuer\/","url":"https:\/\/www.lagerfeuer-musik.de\/wordpress\/lagerfeuer\/","name":"Lagerfeuer - LAGERFEUER-TRIO","isPartOf":{"@id":"https:\/\/www.lagerfeuer-musik.de\/wordpress\/#website"},"datePublished":"2013-09-12T12:38:03+00:00","dateModified":"2024-07-16T08:42:11+00:00","breadcrumb":{"@id":"https:\/\/www.lagerfeuer-musik.de\/wordpress\/lagerfeuer\/#breadcrumb"},"inLanguage":"de","potentialAction":[{"@type":"ReadAction","target":["https:\/\/www.lagerfeuer-musik.de\/wordpress\/lagerfeuer\/"]}]},{"@type":"BreadcrumbList","@id":"https:\/\/www.lagerfeuer-musik.de\/wordpress\/lagerfeuer\/#breadcrumb","itemListElement":[{"@type":"ListItem","position":1,"name":"Startseite","item":"https:\/\/www.lagerfeuer-musik.de\/wordpress\/"},{"@type":"ListItem","position":2,"name":"Lagerfeuer"}]},{"@type":"WebSite","@id":"https:\/\/www.lagerfeuer-musik.de\/wordpress\/#website","url":"https:\/\/www.lagerfeuer-musik.de\/wordpress\/","name":"LAGERFEUER-TRIO","description":"da brennt die H\u00fctte","publisher":{"@id":"https:\/\/www.lagerfeuer-musik.de\/wordpress\/#organization"},"potentialAction":[{"@type":"SearchAction","target":{"@type":"EntryPoint","urlTemplate":"https:\/\/www.lagerfeuer-musik.de\/wordpress\/?s={search_term_string}"},"query-input":{"@type":"PropertyValueSpecification","valueRequired":true,"valueName":"search_term_string"}}],"inLanguage":"de"},{"@type":"Organization","@id":"https:\/\/www.lagerfeuer-musik.de\/wordpress\/#organization","name":"LAGERFEUER-TRIO","url":"https:\/\/www.lagerfeuer-musik.de\/wordpress\/","logo":{"@type":"ImageObject","inLanguage":"de","@id":"https:\/\/www.lagerfeuer-musik.de\/wordpress\/#\/schema\/logo\/image\/","url":"https:\/\/www.lagerfeuer-musik.de\/wordpress\/wp-content\/uploads\/2023\/11\/cropped-LOGONEU.png","contentUrl":"https:\/\/www.lagerfeuer-musik.de\/wordpress\/wp-content\/uploads\/2023\/11\/cropped-LOGONEU.png","width":1158,"height":381,"caption":"LAGERFEUER-TRIO"},"image":{"@id":"https:\/\/www.lagerfeuer-musik.de\/wordpress\/#\/schema\/logo\/image\/"},"sameAs":["https:\/\/www.facebook.com\/lagerfeuertrio","https:\/\/x.com\/Lagerfeuer74309","https:\/\/www.instagram.com\/lagerfeuertrio\/","https:\/\/www.linkedin.com\/in\/lagerfeuer-trio-aachen\/"]}]}},"_links":{"self":[{"href":"https:\/\/www.lagerfeuer-musik.de\/wordpress\/wp-json\/wp\/v2\/pages\/1265","targetHints":{"allow":["GET"]}}],"collection":[{"href":"https:\/\/www.lagerfeuer-musik.de\/wordpress\/wp-json\/wp\/v2\/pages"}],"about":[{"href":"https:\/\/www.lagerfeuer-musik.de\/wordpress\/wp-json\/wp\/v2\/types\/page"}],"author":[{"embeddable":true,"href":"https:\/\/www.lagerfeuer-musik.de\/wordpress\/wp-json\/wp\/v2\/users\/1"}],"replies":[{"embeddable":true,"href":"https:\/\/www.lagerfeuer-musik.de\/wordpress\/wp-json\/wp\/v2\/comments?post=1265"}],"version-history":[{"count":7,"href":"https:\/\/www.lagerfeuer-musik.de\/wordpress\/wp-json\/wp\/v2\/pages\/1265\/revisions"}],"predecessor-version":[{"id":4453,"href":"https:\/\/www.lagerfeuer-musik.de\/wordpress\/wp-json\/wp\/v2\/pages\/1265\/revisions\/4453"}],"wp:attachment":[{"href":"https:\/\/www.lagerfeuer-musik.de\/wordpress\/wp-json\/wp\/v2\/media?parent=1265"}],"curies":[{"name":"wp","href":"https:\/\/api.w.org\/{rel}","templated":true}]}}