{"id":28,"date":"2012-02-27T20:02:59","date_gmt":"2012-02-27T20:02:59","guid":{"rendered":"http:\/\/www.lagerfeuer-musik.de\/wordpress\/?page_id=28"},"modified":"2024-09-17T13:36:24","modified_gmt":"2024-09-17T11:36:24","slug":"uber-uns","status":"publish","type":"page","link":"https:\/\/www.lagerfeuer-musik.de\/wordpress\/uber-uns\/","title":{"rendered":"Die Band"},"content":{"rendered":"\n<h1 class=\"wp-block-heading\">\u201cLagerfeuer\u201d, <\/h1>\n\n\n\n<p>das sind:<\/p>\n\n\n\n<p>Bernd Weiss (Gitarre\/Gesang)<br>Heiko W\u00e4tjen (Kontrabass\/Gesang)<br>Yann Le Roux (Cajon\/Gesang)<\/p>\n\n\n\n<p>\u201cLagerfeuer\u201d, das ist auch ein unerm\u00fcdlicher und wilder Ritt durch die Musik-Geschichte, unz\u00e4hlige Auftritte, unspielbare Gro\u00dftaten der Popmusik, reduziert auf ihre in Sperrholz gegossene Essenz, 3-stimmiger Gesang und Stand-Up-Moderationen.<\/p>\n\n\n\n<p>Und mehr noch, hier wird das Publikum zum vierten Musiker, denn die Gelegenheiten mitzusingen sind zahlreich und ansteckend, H\u00f6rerw\u00fcnsche willkommen und Programmabl\u00e4ufe spontan und unberechenbar. Ob vor dem Schwedischen K\u00f6nigshaus, im Bierzelt in Tokyo, auf der Festivalb\u00fchne oder im Wohnzimmer deiner Nachbarn, kaum eine Aufgabe, die die  3 noch nicht gel\u00f6st h\u00e4tten .<\/p>\n\n\n\n<p>Vielleicht l\u00e4sst man am besten die zahlreichen und treuen Fans zu Wort kommen, die das Publikum regelm\u00e4\u00dfig zum &#8222;vierten Bandmitglied&#8220; machen: <br>&#8222;<strong>Ich hab sie so oft geh\u00f6rt, aber jedes mal bin ich wieder komplett von den Socken<\/strong>&#8220; <br>&#8222;<strong>Beste Kombi aus K\u00f6nnen, Humor und gro\u00dfer Klappe, die ich kenne<\/strong>&#8220; <br>&#8222;<strong>Unfassbare Liveband, von geil bis schr\u00e4g und zur\u00fcck in Sekunden, und dann die Spr\u00fcche&#8230;<\/strong>&#8222;,<br>sind nur 3 von vielen \u00e4hnlich lautenden Zitaten aus dem virtuellen Poesiealbum des Aachener Trios.<\/p>\n\n\n\n<p>2014 nahm die Band ihr Deb\u00fctalbum \u201cHallo, alles klar?\u201d sowie 2018 ihre EP \u201eBleib hier\u201c mit insgesamt 18 Eigenkompositionen auf, stilsicher platziert zwischen Reinhard Mey und Die \u00c4rzte. Seitdem fanden die Titel nicht nur ihren Weg in die Playlists diverser Radiosender, sondern sorgen auch bei unz\u00e4hligen Konzerten f\u00fcr lachende Gesichter auf und vor der B\u00fchne.<\/p>\n\n\n\n<p>Wer das Trio also bisher verpasst hat, aber wissen will, wie \u201eBohemian Rhapsody\u201c oder die \u201eWest Side Story\u201c mit Akustikgitarre, Kontrabass und Cajon klingen, und wie das zu Nirvana, Queen und Depeche Mode passt, der kann jetzt einen Blick in den Tourkalender werfen.<\/p>\n\n\n\n<h2 class=\"wp-block-heading\">Bernd Paul Weiss<\/h2>\n\n\n\n<p>Gitarre und Gesang<\/p>\n\n\n\n<p>kommt im besten Sinne von der Strasse. Als langj\u00e4hrige feste Gr\u00f6\u00dfe in den Fu\u00dfg\u00e4ngerzonen Deutschlands wei\u00df er:&nbsp; \u201cEs gibt nur 2 M\u00f6glichkeiten, entweder bleiben die Leute stehen, oder nicht.\u201d Bei ihm sind sie immer stehen geblieben, und zwar zu hunderten. Wirklich stehenbleiben tut vor den B\u00fchnen, auf denen er heute auftritt aber kaum noch jemand. Unter Bernds fachkundiger Anleitung wird gegr\u00f6hlt, getanzt, gewunken, bis alle heiser nach Luft schnappen. Wie fr\u00fcher auf der Strasse.<\/p>\n\n\n\n<h2 class=\"wp-block-heading\">Heiko W\u00e4tjen<\/h2>\n\n\n\n<p>Kontrabass und Gesang<\/p>\n\n\n\n<p>Lagerfeuer, Abteilung Qualit\u00e4tskontrolle. Der \u201cStudierte\u201d in der Band sortiert die musikalischen F\u00e4den im Hintergrund und hat unter anderem das aus dem Repertoire nicht mehr wegzudenkende Gesangsarrangement zu \u201cBohemian Rhapsody\u201d zu verantworten. Zu seinen weiteren Aufgaben geh\u00f6ren diverse Co-Moderationen, bei denen er Bernd gerne mal ins Wort f\u00e4llt, sowie diverse akrobatische Einlagen an und mit Instrument und Stimmb\u00e4ndern, die ihn zu einem gern gesehenen Gast bei Orthop\u00e4den und Hno-\u00c4rzten machen.<\/p>\n\n\n\n<h2 class=\"wp-block-heading\">Yann Le Roux<\/h2>\n\n\n\n<p>Percussion und Gesang<\/p>\n\n\n\n<p>Der Blickfang im Zentrum mit selbst auferlegtem Schweigegel\u00fcbde. Leicht erh\u00f6ht thront Yann Le Roux umgeben von diversem Sch\u00fcttel-und Rasselzubeh\u00f6r auf seiner Cajon,  und bedient sein Instrument mit genau der Virtuosit\u00e4t, die staunende Gesichter zur\u00fcckl\u00e4sst und jedes Schlagzeug vergessen macht. Und wenn er dann noch zu einer seiner legend\u00e4ren Lindenberg-Interpretationen ansetzt, schl\u00e4gt der Komet ein und schmelzen die Herzen&#8230;.<\/p>\n","protected":false},"excerpt":{"rendered":"<p>\u201cLagerfeuer\u201d, das sind: Bernd Weiss (Gitarre\/Gesang)Heiko W\u00e4tjen (Kontrabass\/Gesang)Yann Le Roux (Cajon\/Gesang) \u201cLagerfeuer\u201d, das ist auch ein unerm\u00fcdlicher und wilder Ritt durch die Musik-Geschichte, unz\u00e4hlige Auftritte, unspielbare Gro\u00dftaten der Popmusik, reduziert<a href=\"https:\/\/www.lagerfeuer-musik.de\/wordpress\/uber-uns\/\" class=\"more-link\"><span class=\"readmore\">Continue reading<span class=\"screen-reader-text\">Die Band<\/span><\/span><\/a><\/p>\n","protected":false},"author":1,"featured_media":0,"parent":0,"menu_order":0,"comment_status":"closed","ping_status":"closed","template":"","meta":{"footnotes":""},"class_list":["post-28","page","type-page","status-publish","hentry"],"yoast_head":"<!-- This site is optimized with the Yoast SEO plugin v26.1.1 - https:\/\/yoast.com\/wordpress\/plugins\/seo\/ -->\n<title>Die Band - LAGERFEUER-TRIO<\/title>\n<meta name=\"robots\" content=\"index, follow, max-snippet:-1, max-image-preview:large, max-video-preview:-1\" \/>\n<link rel=\"canonical\" href=\"https:\/\/www.lagerfeuer-musik.de\/wordpress\/uber-uns\/\" \/>\n<meta property=\"og:locale\" content=\"de_DE\" \/>\n<meta property=\"og:type\" content=\"article\" \/>\n<meta property=\"og:title\" content=\"Die Band - LAGERFEUER-TRIO\" \/>\n<meta property=\"og:description\" content=\"\u201cLagerfeuer\u201d, das sind: Bernd Weiss (Gitarre\/Gesang)Heiko W\u00e4tjen (Kontrabass\/Gesang)Yann Le Roux (Cajon\/Gesang) \u201cLagerfeuer\u201d, das ist auch ein unerm\u00fcdlicher und wilder Ritt durch die Musik-Geschichte, unz\u00e4hlige Auftritte, unspielbare Gro\u00dftaten der Popmusik, reduziertContinue readingDie Band\" \/>\n<meta property=\"og:url\" content=\"https:\/\/www.lagerfeuer-musik.de\/wordpress\/uber-uns\/\" \/>\n<meta property=\"og:site_name\" content=\"LAGERFEUER-TRIO\" \/>\n<meta property=\"article:publisher\" content=\"https:\/\/www.facebook.com\/lagerfeuertrio\" \/>\n<meta property=\"article:modified_time\" content=\"2024-09-17T11:36:24+00:00\" \/>\n<meta name=\"twitter:card\" content=\"summary_large_image\" \/>\n<meta name=\"twitter:site\" content=\"@Lagerfeuer74309\" \/>\n<meta name=\"twitter:label1\" content=\"Gesch\u00e4tzte Lesezeit\" \/>\n\t<meta name=\"twitter:data1\" content=\"3\u00a0Minuten\" \/>\n<script type=\"application\/ld+json\" class=\"yoast-schema-graph\">{\"@context\":\"https:\/\/schema.org\",\"@graph\":[{\"@type\":\"WebPage\",\"@id\":\"https:\/\/www.lagerfeuer-musik.de\/wordpress\/uber-uns\/\",\"url\":\"https:\/\/www.lagerfeuer-musik.de\/wordpress\/uber-uns\/\",\"name\":\"Die Band - LAGERFEUER-TRIO\",\"isPartOf\":{\"@id\":\"https:\/\/www.lagerfeuer-musik.de\/wordpress\/#website\"},\"datePublished\":\"2012-02-27T20:02:59+00:00\",\"dateModified\":\"2024-09-17T11:36:24+00:00\",\"breadcrumb\":{\"@id\":\"https:\/\/www.lagerfeuer-musik.de\/wordpress\/uber-uns\/#breadcrumb\"},\"inLanguage\":\"de\",\"potentialAction\":[{\"@type\":\"ReadAction\",\"target\":[\"https:\/\/www.lagerfeuer-musik.de\/wordpress\/uber-uns\/\"]}]},{\"@type\":\"BreadcrumbList\",\"@id\":\"https:\/\/www.lagerfeuer-musik.de\/wordpress\/uber-uns\/#breadcrumb\",\"itemListElement\":[{\"@type\":\"ListItem\",\"position\":1,\"name\":\"Startseite\",\"item\":\"https:\/\/www.lagerfeuer-musik.de\/wordpress\/\"},{\"@type\":\"ListItem\",\"position\":2,\"name\":\"Die Band\"}]},{\"@type\":\"WebSite\",\"@id\":\"https:\/\/www.lagerfeuer-musik.de\/wordpress\/#website\",\"url\":\"https:\/\/www.lagerfeuer-musik.de\/wordpress\/\",\"name\":\"LAGERFEUER-TRIO\",\"description\":\"da brennt die H\u00fctte\",\"publisher\":{\"@id\":\"https:\/\/www.lagerfeuer-musik.de\/wordpress\/#organization\"},\"potentialAction\":[{\"@type\":\"SearchAction\",\"target\":{\"@type\":\"EntryPoint\",\"urlTemplate\":\"https:\/\/www.lagerfeuer-musik.de\/wordpress\/?s={search_term_string}\"},\"query-input\":{\"@type\":\"PropertyValueSpecification\",\"valueRequired\":true,\"valueName\":\"search_term_string\"}}],\"inLanguage\":\"de\"},{\"@type\":\"Organization\",\"@id\":\"https:\/\/www.lagerfeuer-musik.de\/wordpress\/#organization\",\"name\":\"LAGERFEUER-TRIO\",\"url\":\"https:\/\/www.lagerfeuer-musik.de\/wordpress\/\",\"logo\":{\"@type\":\"ImageObject\",\"inLanguage\":\"de\",\"@id\":\"https:\/\/www.lagerfeuer-musik.de\/wordpress\/#\/schema\/logo\/image\/\",\"url\":\"https:\/\/www.lagerfeuer-musik.de\/wordpress\/wp-content\/uploads\/2023\/11\/cropped-LOGONEU.png\",\"contentUrl\":\"https:\/\/www.lagerfeuer-musik.de\/wordpress\/wp-content\/uploads\/2023\/11\/cropped-LOGONEU.png\",\"width\":1158,\"height\":381,\"caption\":\"LAGERFEUER-TRIO\"},\"image\":{\"@id\":\"https:\/\/www.lagerfeuer-musik.de\/wordpress\/#\/schema\/logo\/image\/\"},\"sameAs\":[\"https:\/\/www.facebook.com\/lagerfeuertrio\",\"https:\/\/x.com\/Lagerfeuer74309\",\"https:\/\/www.instagram.com\/lagerfeuertrio\/\",\"https:\/\/www.linkedin.com\/in\/lagerfeuer-trio-aachen\/\"]}]}<\/script>\n<!-- \/ Yoast SEO plugin. -->","yoast_head_json":{"title":"Die Band - LAGERFEUER-TRIO","robots":{"index":"index","follow":"follow","max-snippet":"max-snippet:-1","max-image-preview":"max-image-preview:large","max-video-preview":"max-video-preview:-1"},"canonical":"https:\/\/www.lagerfeuer-musik.de\/wordpress\/uber-uns\/","og_locale":"de_DE","og_type":"article","og_title":"Die Band - LAGERFEUER-TRIO","og_description":"\u201cLagerfeuer\u201d, das sind: Bernd Weiss (Gitarre\/Gesang)Heiko W\u00e4tjen (Kontrabass\/Gesang)Yann Le Roux (Cajon\/Gesang) \u201cLagerfeuer\u201d, das ist auch ein unerm\u00fcdlicher und wilder Ritt durch die Musik-Geschichte, unz\u00e4hlige Auftritte, unspielbare Gro\u00dftaten der Popmusik, reduziertContinue readingDie Band","og_url":"https:\/\/www.lagerfeuer-musik.de\/wordpress\/uber-uns\/","og_site_name":"LAGERFEUER-TRIO","article_publisher":"https:\/\/www.facebook.com\/lagerfeuertrio","article_modified_time":"2024-09-17T11:36:24+00:00","twitter_card":"summary_large_image","twitter_site":"@Lagerfeuer74309","twitter_misc":{"Gesch\u00e4tzte Lesezeit":"3\u00a0Minuten"},"schema":{"@context":"https:\/\/schema.org","@graph":[{"@type":"WebPage","@id":"https:\/\/www.lagerfeuer-musik.de\/wordpress\/uber-uns\/","url":"https:\/\/www.lagerfeuer-musik.de\/wordpress\/uber-uns\/","name":"Die Band - LAGERFEUER-TRIO","isPartOf":{"@id":"https:\/\/www.lagerfeuer-musik.de\/wordpress\/#website"},"datePublished":"2012-02-27T20:02:59+00:00","dateModified":"2024-09-17T11:36:24+00:00","breadcrumb":{"@id":"https:\/\/www.lagerfeuer-musik.de\/wordpress\/uber-uns\/#breadcrumb"},"inLanguage":"de","potentialAction":[{"@type":"ReadAction","target":["https:\/\/www.lagerfeuer-musik.de\/wordpress\/uber-uns\/"]}]},{"@type":"BreadcrumbList","@id":"https:\/\/www.lagerfeuer-musik.de\/wordpress\/uber-uns\/#breadcrumb","itemListElement":[{"@type":"ListItem","position":1,"name":"Startseite","item":"https:\/\/www.lagerfeuer-musik.de\/wordpress\/"},{"@type":"ListItem","position":2,"name":"Die Band"}]},{"@type":"WebSite","@id":"https:\/\/www.lagerfeuer-musik.de\/wordpress\/#website","url":"https:\/\/www.lagerfeuer-musik.de\/wordpress\/","name":"LAGERFEUER-TRIO","description":"da brennt die H\u00fctte","publisher":{"@id":"https:\/\/www.lagerfeuer-musik.de\/wordpress\/#organization"},"potentialAction":[{"@type":"SearchAction","target":{"@type":"EntryPoint","urlTemplate":"https:\/\/www.lagerfeuer-musik.de\/wordpress\/?s={search_term_string}"},"query-input":{"@type":"PropertyValueSpecification","valueRequired":true,"valueName":"search_term_string"}}],"inLanguage":"de"},{"@type":"Organization","@id":"https:\/\/www.lagerfeuer-musik.de\/wordpress\/#organization","name":"LAGERFEUER-TRIO","url":"https:\/\/www.lagerfeuer-musik.de\/wordpress\/","logo":{"@type":"ImageObject","inLanguage":"de","@id":"https:\/\/www.lagerfeuer-musik.de\/wordpress\/#\/schema\/logo\/image\/","url":"https:\/\/www.lagerfeuer-musik.de\/wordpress\/wp-content\/uploads\/2023\/11\/cropped-LOGONEU.png","contentUrl":"https:\/\/www.lagerfeuer-musik.de\/wordpress\/wp-content\/uploads\/2023\/11\/cropped-LOGONEU.png","width":1158,"height":381,"caption":"LAGERFEUER-TRIO"},"image":{"@id":"https:\/\/www.lagerfeuer-musik.de\/wordpress\/#\/schema\/logo\/image\/"},"sameAs":["https:\/\/www.facebook.com\/lagerfeuertrio","https:\/\/x.com\/Lagerfeuer74309","https:\/\/www.instagram.com\/lagerfeuertrio\/","https:\/\/www.linkedin.com\/in\/lagerfeuer-trio-aachen\/"]}]}},"_links":{"self":[{"href":"https:\/\/www.lagerfeuer-musik.de\/wordpress\/wp-json\/wp\/v2\/pages\/28","targetHints":{"allow":["GET"]}}],"collection":[{"href":"https:\/\/www.lagerfeuer-musik.de\/wordpress\/wp-json\/wp\/v2\/pages"}],"about":[{"href":"https:\/\/www.lagerfeuer-musik.de\/wordpress\/wp-json\/wp\/v2\/types\/page"}],"author":[{"embeddable":true,"href":"https:\/\/www.lagerfeuer-musik.de\/wordpress\/wp-json\/wp\/v2\/users\/1"}],"replies":[{"embeddable":true,"href":"https:\/\/www.lagerfeuer-musik.de\/wordpress\/wp-json\/wp\/v2\/comments?post=28"}],"version-history":[{"count":48,"href":"https:\/\/www.lagerfeuer-musik.de\/wordpress\/wp-json\/wp\/v2\/pages\/28\/revisions"}],"predecessor-version":[{"id":4470,"href":"https:\/\/www.lagerfeuer-musik.de\/wordpress\/wp-json\/wp\/v2\/pages\/28\/revisions\/4470"}],"wp:attachment":[{"href":"https:\/\/www.lagerfeuer-musik.de\/wordpress\/wp-json\/wp\/v2\/media?parent=28"}],"curies":[{"name":"wp","href":"https:\/\/api.w.org\/{rel}","templated":true}]}}